{"id":203,"date":"2018-04-28T17:46:26","date_gmt":"2018-04-28T15:46:26","guid":{"rendered":"http:\/\/www.flurkunst.de\/?page_id=203"},"modified":"2019-08-15T09:28:05","modified_gmt":"2019-08-15T07:28:05","slug":"matthias-kraeuter-und-stephan-tschechne","status":"publish","type":"page","link":"http:\/\/www.flurkunst.de\/?page_id=203","title":{"rendered":"Matthias Kr\u00e4uter und Stephan Tschechne"},"content":{"rendered":"<p><img loading=\"lazy\" class=\" wp-image-70 alignleft\" src=\"http:\/\/flurkunst.de\/wp-content\/uploads\/2017\/09\/Bild-Matze-208x300.jpg\" alt=\"\" width=\"155\" height=\"224\" srcset=\"http:\/\/www.flurkunst.de\/wp-content\/uploads\/2017\/09\/Bild-Matze-208x300.jpg 208w, http:\/\/www.flurkunst.de\/wp-content\/uploads\/2017\/09\/Bild-Matze-768x1107.jpg 768w, http:\/\/www.flurkunst.de\/wp-content\/uploads\/2017\/09\/Bild-Matze-711x1024.jpg 711w, http:\/\/www.flurkunst.de\/wp-content\/uploads\/2017\/09\/Bild-Matze.jpg 1451w\" sizes=\"(max-width: 155px) 100vw, 155px\" \/><\/p>\n<p>&nbsp;<\/p>\n<p>Matthias Kr\u00e4uter (Jahrgang 1975) ist\u00a0Informatiker. Zu Fotografieren bedeutet f\u00fcr ihn, nicht nur abzubilden, sondern gestalterisch t\u00e4tig zu werden und im besten Fall mit Licht zu malen.<\/p>\n<p>&nbsp;<\/p>\n<p><img loading=\"lazy\" class=\"wp-image-72 alignright\" src=\"http:\/\/flurkunst.de\/wp-content\/uploads\/2017\/09\/IMG_20150515_123631-300x225.jpg\" alt=\"\" width=\"293\" height=\"220\" srcset=\"http:\/\/www.flurkunst.de\/wp-content\/uploads\/2017\/09\/IMG_20150515_123631-300x225.jpg 300w, http:\/\/www.flurkunst.de\/wp-content\/uploads\/2017\/09\/IMG_20150515_123631-768x576.jpg 768w, http:\/\/www.flurkunst.de\/wp-content\/uploads\/2017\/09\/IMG_20150515_123631-1024x768.jpg 1024w, http:\/\/www.flurkunst.de\/wp-content\/uploads\/2017\/09\/IMG_20150515_123631.jpg 1280w\" sizes=\"(max-width: 293px) 100vw, 293px\" \/><\/p>\n<p>&nbsp;<\/p>\n<p>&nbsp;<\/p>\n<p>Stephan Tschechne (Jahrgang 1978) ist ebenfalls Informatiker. Das Allt\u00e4gliche mit Hilfe seiner Kamera f\u00fcr den Betrachter hervorzuheben, ist sein k\u00fcnstlerisches Anliegen.<\/p>\n<p>&nbsp;<\/p>\n<p>&nbsp;<\/p>\n<h2><span style=\"color: #333333;\">Die Ausstellung: Blickwinkel<\/span><\/h2>\n<p>9. September 2017 (Langenauer Kulturnacht) bis\u00a0Mai 2018 (Langenauer Messetage)<\/p>\n<p><img loading=\"lazy\" class=\"wp-image-83 aligncenter\" src=\"http:\/\/www.flurkunst.de\/wp-content\/uploads\/2017\/09\/Muster_Strukturen_Teaser_horizontal-1-1024x342.jpg\" alt=\"\" width=\"759\" height=\"253\" srcset=\"http:\/\/www.flurkunst.de\/wp-content\/uploads\/2017\/09\/Muster_Strukturen_Teaser_horizontal-1-1024x342.jpg 1024w, http:\/\/www.flurkunst.de\/wp-content\/uploads\/2017\/09\/Muster_Strukturen_Teaser_horizontal-1-300x100.jpg 300w, http:\/\/www.flurkunst.de\/wp-content\/uploads\/2017\/09\/Muster_Strukturen_Teaser_horizontal-1-768x257.jpg 768w\" sizes=\"(max-width: 759px) 100vw, 759px\" \/><\/p>\n<p>Unter dem Titel &#8222;Blickwinkel&#8220; loten Matthias Kr\u00e4uter und Stephan Tschechne in ihren Fotografien verschiedene Sichtweisen auf unsere Umgebung aus. In den Fokus genommen werden Muster und Strukturen aus unserer kulturellen und nat\u00fcrlichen Umwelt, die einen neuen Blick auf die Dinge freigeben.<\/p>\n<h2><span style=\"color: #333333;\">Die Bilder (Auswahl)<\/span><\/h2>\n<p><img loading=\"lazy\" class=\"alignleft wp-image-88\" src=\"http:\/\/www.flurkunst.de\/wp-content\/uploads\/2017\/09\/Exit-1024x682.jpg\" alt=\"\" width=\"296\" height=\"197\" srcset=\"http:\/\/www.flurkunst.de\/wp-content\/uploads\/2017\/09\/Exit-1024x682.jpg 1024w, http:\/\/www.flurkunst.de\/wp-content\/uploads\/2017\/09\/Exit-300x200.jpg 300w, http:\/\/www.flurkunst.de\/wp-content\/uploads\/2017\/09\/Exit-768x512.jpg 768w\" sizes=\"(max-width: 296px) 100vw, 296px\" \/><\/p>\n<p><img loading=\"lazy\" class=\" wp-image-89 alignright\" src=\"http:\/\/www.flurkunst.de\/wp-content\/uploads\/2017\/09\/IMG_2644-1024x683.jpg\" alt=\"\" width=\"296\" height=\"197\" srcset=\"http:\/\/www.flurkunst.de\/wp-content\/uploads\/2017\/09\/IMG_2644-1024x683.jpg 1024w, http:\/\/www.flurkunst.de\/wp-content\/uploads\/2017\/09\/IMG_2644-300x200.jpg 300w, http:\/\/www.flurkunst.de\/wp-content\/uploads\/2017\/09\/IMG_2644-768x512.jpg 768w\" sizes=\"(max-width: 296px) 100vw, 296px\" \/><\/p>\n<p>&nbsp;<\/p>\n<p>&nbsp;<\/p>\n<p>&nbsp;<\/p>\n<p>&nbsp;<\/p>\n<p>&nbsp;<\/p>\n<p>&nbsp;<\/p>\n<p>exit (Matthias Kr\u00e4uter) \u00a0 \u00a0 \u00a0 \u00a0 \u00a0 \u00a0 \u00a0 \u00a0 \u00a0 \u00a0 \u00a0 \u00a0 \u00a0 \u00a0 \u00a0 \u00a0 \u00a0 \u00a0 \u00a0 \u00a0 \u00a0 \u00a0 \u00a0 \u00a0 \u00a0\u00a0 subway\u00a0(Matthias Kr\u00e4uter)<\/p>\n<p><img loading=\"lazy\" class=\"alignleft wp-image-90\" src=\"http:\/\/www.flurkunst.de\/wp-content\/uploads\/2017\/09\/DSC03350-1024x683.jpg\" alt=\"\" width=\"300\" height=\"200\" srcset=\"http:\/\/www.flurkunst.de\/wp-content\/uploads\/2017\/09\/DSC03350-1024x683.jpg 1024w, http:\/\/www.flurkunst.de\/wp-content\/uploads\/2017\/09\/DSC03350-300x200.jpg 300w, http:\/\/www.flurkunst.de\/wp-content\/uploads\/2017\/09\/DSC03350-768x512.jpg 768w, http:\/\/www.flurkunst.de\/wp-content\/uploads\/2017\/09\/DSC03350.jpg 1920w\" sizes=\"(max-width: 300px) 100vw, 300px\" \/><\/p>\n<p><img loading=\"lazy\" class=\"wp-image-91 alignright\" src=\"http:\/\/www.flurkunst.de\/wp-content\/uploads\/2017\/09\/DSC02095_6_7-1024x681.jpg\" alt=\"\" width=\"297\" height=\"198\" srcset=\"http:\/\/www.flurkunst.de\/wp-content\/uploads\/2017\/09\/DSC02095_6_7-1024x681.jpg 1024w, http:\/\/www.flurkunst.de\/wp-content\/uploads\/2017\/09\/DSC02095_6_7-300x199.jpg 300w, http:\/\/www.flurkunst.de\/wp-content\/uploads\/2017\/09\/DSC02095_6_7-768x511.jpg 768w, http:\/\/www.flurkunst.de\/wp-content\/uploads\/2017\/09\/DSC02095_6_7.jpg 1925w\" sizes=\"(max-width: 297px) 100vw, 297px\" \/><\/p>\n<p>&nbsp;<\/p>\n<p>&nbsp;<\/p>\n<p>&nbsp;<\/p>\n<p>&nbsp;<\/p>\n<p>&nbsp;<\/p>\n<p>&nbsp;<\/p>\n<p>B\u00e4ume im Nebel (Stephan Tschechne) \u00a0 \u00a0 \u00a0 \u00a0 \u00a0 \u00a0 \u00a0 \u00a0 \u00a0 \u00a0 Zeche Zollverein (Stephan Tschechne)<\/p>\n","protected":false},"excerpt":{"rendered":"<p>&nbsp; Matthias Kr\u00e4uter (Jahrgang 1975) ist\u00a0Informatiker. Zu Fotografieren bedeutet f\u00fcr ihn, nicht nur abzubilden, sondern gestalterisch t\u00e4tig zu werden und im besten Fall mit Licht zu malen. &nbsp; &nbsp; &nbsp; Stephan Tschechne (Jahrgang 1978) ist ebenfalls Informatiker. Das Allt\u00e4gliche mit Hilfe seiner Kamera f\u00fcr den Betrachter hervorzuheben, ist sein k\u00fcnstlerisches Anliegen. &nbsp; &nbsp; Die Ausstellung: [&hellip;]<\/p>\n","protected":false},"author":2,"featured_media":0,"parent":0,"menu_order":0,"comment_status":"closed","ping_status":"closed","template":"","meta":[],"_links":{"self":[{"href":"http:\/\/www.flurkunst.de\/index.php?rest_route=\/wp\/v2\/pages\/203"}],"collection":[{"href":"http:\/\/www.flurkunst.de\/index.php?rest_route=\/wp\/v2\/pages"}],"about":[{"href":"http:\/\/www.flurkunst.de\/index.php?rest_route=\/wp\/v2\/types\/page"}],"author":[{"embeddable":true,"href":"http:\/\/www.flurkunst.de\/index.php?rest_route=\/wp\/v2\/users\/2"}],"replies":[{"embeddable":true,"href":"http:\/\/www.flurkunst.de\/index.php?rest_route=%2Fwp%2Fv2%2Fcomments&post=203"}],"version-history":[{"count":11,"href":"http:\/\/www.flurkunst.de\/index.php?rest_route=\/wp\/v2\/pages\/203\/revisions"}],"predecessor-version":[{"id":386,"href":"http:\/\/www.flurkunst.de\/index.php?rest_route=\/wp\/v2\/pages\/203\/revisions\/386"}],"wp:attachment":[{"href":"http:\/\/www.flurkunst.de\/index.php?rest_route=%2Fwp%2Fv2%2Fmedia&parent=203"}],"curies":[{"name":"wp","href":"https:\/\/api.w.org\/{rel}","templated":true}]}}